{"id":16394,"date":"2019-01-23T08:08:41","date_gmt":"2019-01-23T07:08:41","guid":{"rendered":"https:\/\/www.hotelamiralfondary.com\/situation-hotel-amiral-fondary-paris\/"},"modified":"2022-10-31T17:57:32","modified_gmt":"2022-10-31T16:57:32","slug":"ubicacion-hotel-amiral-fondary-paris","status":"publish","type":"page","link":"https:\/\/www.hotelamiralfondary.com\/es\/ubicacion-hotel-amiral-fondary-paris\/","title":{"rendered":"Ubicacion"},"content":{"rendered":"<p>[vc_row css_animation=\u00bb\u00bb row_type=\u00bbrow\u00bb use_row_as_full_screen_section=\u00bbno\u00bb type=\u00bbfull_width\u00bb angled_section=\u00bbno\u00bb text_align=\u00bbleft\u00bb background_image_as_pattern=\u00bbwithout_pattern\u00bb css=\u00bb.vc_custom_1548227308795{margin-top: 80px !important;}\u00bb z_index=\u00bb\u00bb][vc_column][vc_raw_html]JTNDaWZyYW1lJTIwc3JjJTNEJTIyaHR0cCUzQSUyRiUyRm1hcHMuZ29vZ2xlLmZyJTJGbWFwcyUzRmYlM0RxJTI2YW1wJTNCc291cmNlJTNEc19xJTI2YW1wJTNCaGwlM0RmciUyNmFtcCUzQmdlb2NvZGUlM0QlMjZhbXAlM0JxJTNESCUyNUMzJTI1QjR0ZWwlMkJBbWlyYWwlMkJGb25kYXJ5JTJDJTJCMzAlMkMlMkJydWUlMkJmb25kYXJ5JTJCLSUyQjc1MDE1JTJCUGFyaXMlMjZhbXAlM0JhcSUzRCUyNmFtcCUzQnNsbCUzRDQ2LjIyNDc1JTJDMi4wNTE3JTI2YW1wJTNCc3NwbiUzRDI1LjY3MTY5MSUyQzU3LjA4NDk2MSUyNmFtcCUzQmllJTNEVVRGOCUyNmFtcCUzQmhxJTNESCUyNUMzJTI1QjR0ZWwlMkJBbWlyYWwlMkJGb25kYXJ5JTJDJTI2YW1wJTNCaG5lYXIlM0QzMCUyQlJ1ZSUyQkZvbmRhcnklMkMlMkI3NTAxNSUyQlBhcmlzJTJDJTJCJTI1QzMlMjU4RWxlLWRlLUZyYW5jZSUyNmFtcCUzQnQlM0RtJTI2YW1wJTNCbGwlM0Q0OC44NTE1MDElMkMyLjI5NDUxMiUyNmFtcCUzQnNwbiUzRDAuMDEyNzA3JTJDMC4wMjY1NjUlMjZhbXAlM0J6JTNEMTUlMjZhbXAlM0Jpd2xvYyUzREElMjZhbXAlM0JvdXRwdXQlM0RlbWJlZCUyMiUyMHdpZHRoJTNEJTIyMTAwJTI1JTIyJTIwaGVpZ2h0JTNEJTIyNDUwJTIyJTIwZnJhbWVib3JkZXIlM0QlMjIwJTIyJTIwbWFyZ2lud2lkdGglM0QlMjIwJTIyJTIwbWFyZ2luaGVpZ2h0JTNEJTIyMCUyMiUyMHNjcm9sbGluZyUzRCUyMm5vJTIyJTNFJTNDJTJGaWZyYW1lJTNF[\/vc_raw_html][\/vc_column][\/vc_row][vc_row css_animation=\u00bb\u00bb row_type=\u00bbrow\u00bb use_row_as_full_screen_section=\u00bbno\u00bb type=\u00bbgrid\u00bb angled_section=\u00bbno\u00bb text_align=\u00bbleft\u00bb background_image_as_pattern=\u00bbwithout_pattern\u00bb z_index=\u00bb\u00bb css=\u00bb.vc_custom_1548224333758{margin-top: 55px !important;}\u00bb][vc_column css_animation=\u00bbslideInLeft\u00bb][vc_column_text]<\/p>\n<p style=\"text-align: center;\"><strong>Una ubicaci\u00f3n perfecta para visitar Par\u00eds!<\/strong><br \/>\n<strong>La cultura, el ocio, las tiendas y negocios est\u00e1n a tan s\u00f3lo dos pasos.<\/strong><\/p>\n<p>&nbsp;<\/p>\n<p style=\"text-align: center;\">Situado en el distrito XV de Par\u00eds y s\u00f3lo a 10 minutos andando de la Torre Eiffel, el Hotel Amiral Fondary goza de una ubicaci\u00f3n privilegiada en el coraz\u00f3n de la margen izquierda del Sena.<\/p>\n<p>&nbsp;<\/p>\n<p style=\"text-align: center;\">Gracias a los numerosos medios de transporte, los lugares m\u00e1s bonitos de la capital se encuentran tan s\u00f3lo a unos minutos de nuestro hotel.<\/p>\n<p>[\/vc_column_text][\/vc_column][\/vc_row][vc_row css_animation=\u00bb\u00bb row_type=\u00bbrow\u00bb use_row_as_full_screen_section=\u00bbno\u00bb type=\u00bbfull_width\u00bb angled_section=\u00bbno\u00bb text_align=\u00bbleft\u00bb background_image_as_pattern=\u00bbwithout_pattern\u00bb z_index=\u00bb\u00bb css=\u00bb.vc_custom_1550745246606{margin-top: 55px !important;}\u00bb][vc_column css_animation=\u00bbslideInLeft\u00bb width=\u00bb1\/2&#8243; css=\u00bb.vc_custom_1550745573711{padding-top: 20px !important;padding-right: 20px !important;padding-bottom: 20px !important;padding-left: 40px !important;}\u00bb][vc_raw_html]JTNDZGl2JTIwY2xhc3MlM0QlMjJ0aXRyZSUyMiUzRSUzQ2gyJTNFJTNDc3BhbiUzRUVOJTIwRUwlMjBCQVJSSU8lMjBERSUyMExBJTIwVE9SUkUlMjBFSUZGRUwlM0MlMkZzcGFuJTNFJTNDJTJGaDIlM0UlM0MlMkZkaXYlM0U=[\/vc_raw_html][vc_empty_space height=\u00bb19px\u00bb][vc_column_text]La Torre Eiffel se encuentra\u00a0 a s\u00f3lo 5 minutos andando de nuestro hotel!<\/p>\n<p>S\u00edmbolo de Par\u00eds, la torre domina majestuosamente el palacio de Chaillot, los Campos de Marte, el Hotel de los Inv\u00e1lidos, la Casa de la Cultura de Jap\u00f3n as\u00ed como el Museo Quai Branly.<\/p>\n<p>Para los apasionados de las compras, la rue du Commerce y el centro comercial Beaugrenelle proponen cines, restaurantes y numerosas tiendas (de moda y art\u00edculos culturales).[\/vc_column_text][\/vc_column][vc_column css_animation=\u00bbslideInRight\u00bb width=\u00bb1\/2&#8243;][vc_single_image image=\u00bb15911&#8243; img_size=\u00bbfull\u00bb qode_css_animation=\u00bb\u00bb el_class=\u00bbbordure-img\u00bb][\/vc_column][\/vc_row][vc_row css_animation=\u00bb\u00bb row_type=\u00bbrow\u00bb use_row_as_full_screen_section=\u00bbno\u00bb type=\u00bbfull_width\u00bb angled_section=\u00bbno\u00bb text_align=\u00bbleft\u00bb background_image_as_pattern=\u00bbwithout_pattern\u00bb z_index=\u00bb\u00bb css=\u00bb.vc_custom_1550745246606{margin-top: 55px !important;}\u00bb][vc_column css_animation=\u00bbslideInLeft\u00bb width=\u00bb1\/2&#8243;][vc_single_image image=\u00bb15955&#8243; img_size=\u00bbfull\u00bb qode_css_animation=\u00bb\u00bb el_class=\u00bbbordure-img\u00bb][\/vc_column][vc_column css_animation=\u00bbslideInRight\u00bb width=\u00bb1\/2&#8243; css=\u00bb.vc_custom_1550745615419{padding-top: 20px !important;padding-right: 20px !important;padding-bottom: 20px !important;padding-left: 20px !important;}\u00bb][vc_raw_html]JTNDZGl2JTIwY2xhc3MlM0QlMjJ0aXRyZSUyMiUzRSUzQ2gyJTNFJTNDc3BhbiUzRUxBJTIwQ09MSU5BJTIwREUlMjBDSEFJTExPVCUyMFklMjBMT1MlMjBDQU1QT1MlMjBFTElTRU9TJTNBJTNDJTJGc3BhbiUzRSUzQyUyRmgyJTNFJTNDJTJGZGl2JTNF[\/vc_raw_html][vc_empty_space height=\u00bb19px\u00bb][vc_column_text]Desde nuestro hotel, tomen la l\u00ednea 6 del metro y b\u00e1jense en la estaci\u00f3n Trocadero donde les aconsejamos visitar la colina Chaillot con vistas al Sena y llena de museos tem\u00e1ticos como el Museo del Arte Moderno, el Museo del Hombre y la Marina, el Mueso Guimet de las Artes Asi\u00e1ticas, el Museo de la Moda y el Museo de Yves Saint Laurent, \u2026<\/p>\n<p>Todav\u00eda gracias a la l\u00ednea 6, pueden tambi\u00e9n acercarse al Arco del Triunfo y a la Avenida de los Campos El\u00edseos, considerada como la avenida m\u00e1s bella del mundo![\/vc_column_text][\/vc_column][\/vc_row][vc_row css_animation=\u00bb\u00bb row_type=\u00bbrow\u00bb use_row_as_full_screen_section=\u00bbno\u00bb type=\u00bbfull_width\u00bb angled_section=\u00bbno\u00bb text_align=\u00bbleft\u00bb background_image_as_pattern=\u00bbwithout_pattern\u00bb z_index=\u00bb\u00bb css=\u00bb.vc_custom_1550745246606{margin-top: 55px !important;}\u00bb][vc_column css_animation=\u00bbslideInLeft\u00bb width=\u00bb1\/2&#8243; css=\u00bb.vc_custom_1550745573711{padding-top: 20px !important;padding-right: 20px !important;padding-bottom: 20px !important;padding-left: 40px !important;}\u00bb][vc_raw_html]JTNDZGl2JTIwY2xhc3MlM0QlMjJ0aXRyZSUyMiUzRSUzQ2gyJTNFJTNDc3BhbiUzRVRPREFWSUElMjBDRVJDQSUyMCVFMiU4MCU5MyUyME1BUkdFTiUyMElaUVVJRVJEQSUyMERFTCUyMFNFTkElM0MlMkZzcGFuJTNFJTNDJTJGaDIlM0UlM0MlMkZkaXYlM0U=[\/vc_raw_html][vc_empty_space height=\u00bb19px\u00bb][vc_column_text]Las l\u00edneas 6 y 10 del metro os transportar\u00e1n al coraz\u00f3n del tri\u00e1ngulo Montparnasse \u2013 Saint Germain des Pr\u00e8s \u2013 Barrio Latino donde podr\u00e1n apreciar la elegancia del Bon March\u00e9, la tranquilidad de los Jardines de Luxemburgo, la creatividad de la fundaci\u00f3n Cartier y la emoci\u00f3n del barrio de la Sorbonne.[\/vc_column_text][\/vc_column][vc_column css_animation=\u00bbslideInRight\u00bb width=\u00bb1\/2&#8243;][vc_single_image image=\u00bb15915&#8243; img_size=\u00bbfull\u00bb qode_css_animation=\u00bb\u00bb el_class=\u00bbbordure-img\u00bb][\/vc_column][\/vc_row][vc_row css_animation=\u00bb\u00bb row_type=\u00bbrow\u00bb use_row_as_full_screen_section=\u00bbno\u00bb type=\u00bbfull_width\u00bb angled_section=\u00bbno\u00bb text_align=\u00bbleft\u00bb background_image_as_pattern=\u00bbwithout_pattern\u00bb z_index=\u00bb\u00bb css=\u00bb.vc_custom_1550745246606{margin-top: 55px !important;}\u00bb][vc_column css_animation=\u00bbslideInLeft\u00bb width=\u00bb1\/2&#8243;][vc_single_image image=\u00bb15958&#8243; img_size=\u00bbfull\u00bb qode_css_animation=\u00bb\u00bb el_class=\u00bbbordure-img\u00bb][\/vc_column][vc_column css_animation=\u00bbslideInRight\u00bb width=\u00bb1\/2&#8243; css=\u00bb.vc_custom_1550745615419{padding-top: 20px !important;padding-right: 20px !important;padding-bottom: 20px !important;padding-left: 20px !important;}\u00bb][vc_raw_html]JTNDZGl2JTIwY2xhc3MlM0QlMjJ0aXRyZSUyMiUzRSUzQ2gyJTNFJTNDc3BhbiUzRVRPREFWSUElMjBDRVJDQSUyMCVFMiU4MCU5MyUyME1BUkdFTiUyMERFUkVDSEElMjBERUwlMjBTRU5BJTNBJTNDJTJGc3BhbiUzRSUzQyUyRmgyJTNFJTNDJTJGZGl2JTNF[\/vc_raw_html][vc_empty_space height=\u00bb19px\u00bb][vc_column_text]La l\u00ednea 8 del metro les permitir\u00e1 acc\u00e9der r\u00e1pidamente a la margen derecha del Sena, as\u00ed como la plaza de la Concorde, la iglesia de la Madeleine, la Opera Garnier o los grandes almacenes del Boulevard Haussmann.<\/p>\n<p>Si desean ir al Museo del Louvre o a la catedral Notre-Dame de Par\u00eds, les aconsejamos tomar la l\u00ednea 10 del metro hasta Odeon y despu\u00e9s atravesar el Sena.[\/vc_column_text][\/vc_column][\/vc_row][vc_row css_animation=\u00bb\u00bb row_type=\u00bbrow\u00bb use_row_as_full_screen_section=\u00bbno\u00bb type=\u00bbfull_width\u00bb angled_section=\u00bbno\u00bb text_align=\u00bbleft\u00bb background_image_as_pattern=\u00bbwithout_pattern\u00bb z_index=\u00bb\u00bb css=\u00bb.vc_custom_1550745246606{margin-top: 55px !important;}\u00bb][vc_column css_animation=\u00bbslideInLeft\u00bb width=\u00bb1\/2&#8243; css=\u00bb.vc_custom_1550745573711{padding-top: 20px !important;padding-right: 20px !important;padding-bottom: 20px !important;padding-left: 40px !important;}\u00bb][vc_raw_html]JTNDZGl2JTIwY2xhc3MlM0QlMjJ0aXRyZSUyMiUzRSUzQ2gyJTNFJTNDc3BhbiUzRVZJQUpFUyUyMERFJTIwTkVHT0NJT1MlM0MlMkZzcGFuJTNFJTNDJTJGaDIlM0UlM0MlMkZkaXYlM0U=[\/vc_raw_html][vc_empty_space height=\u00bb19px\u00bb][vc_column_text]Si se dirigen al Parque de Exposiciones de la Puerta de Versailles, el autobus n\u00b0 80 les llevar\u00e1 en tan s\u00f3lo algunos minutos.<\/p>\n<p>Y despu\u00e9s de una larga jornada de trabajo, pueden relajarse en el CMG Sports Club One, que se encuentra a 2 minutos del hotel y que cuenta con un gran gimnasio, una sauna, un ba\u00f1o de vapor\u00a0 e incluso una piscina.[\/vc_column_text][\/vc_column][vc_column css_animation=\u00bbslideInRight\u00bb width=\u00bb1\/2&#8243;][vc_single_image image=\u00bb15917&#8243; img_size=\u00bbfull\u00bb qode_css_animation=\u00bb\u00bb el_class=\u00bbbordure-img\u00bb][\/vc_column][\/vc_row][vc_row css_animation=\u00bb\u00bb row_type=\u00bbrow\u00bb use_row_as_full_screen_section=\u00bbno\u00bb type=\u00bbfull_width\u00bb angled_section=\u00bbno\u00bb text_align=\u00bbleft\u00bb background_image_as_pattern=\u00bbwithout_pattern\u00bb css=\u00bb.vc_custom_1550746136648{margin-top: 55px !important;padding-top: 200px !important;padding-bottom: 200px !important;background-image: url(http:\/\/www.hotelamiralfondary.com\/wp-content\/uploads\/2019\/02\/bg-plans.jpg?id=15921) !important;}\u00bb z_index=\u00bb\u00bb][vc_column][\/vc_column][\/vc_row][vc_row css_animation=\u00bb\u00bb row_type=\u00bbrow\u00bb use_row_as_full_screen_section=\u00bbno\u00bb type=\u00bbgrid\u00bb angled_section=\u00bbno\u00bb text_align=\u00bbleft\u00bb background_image_as_pattern=\u00bbwithout_pattern\u00bb z_index=\u00bb\u00bb css=\u00bb.vc_custom_1550746223683{margin-top: 55px !important;margin-bottom: 50px !important;}\u00bb][vc_column css_animation=\u00bbslideInLeft\u00bb][vc_column_text]<\/p>\n<p style=\"text-align: center;\"><strong>Informaciones pr\u00e1cticas :<\/strong><\/p>\n<p>&nbsp;<\/p>\n<p style=\"text-align: center;\"><strong>Estaciones de metro<\/strong><br \/>\n\u25cf Emile Zola, ligne 10 (150m) \u25cf La Motte Picquet Grenelle, l\u00edneas 6, 8 y 10 (300 m) \u25cf Comercio, l\u00ednea 8 (300 m) \u25cf<\/p>\n<p>&nbsp;<\/p>\n<p style=\"text-align: center;\"><strong>V\u00e9lib\u2019<\/strong><br \/>\n\u25cf 46 rue Fondary (150m) \u25cf 20 rue du Commerce (300m) \u25cf<\/p>\n<p>&nbsp;<\/p>\n<p style=\"text-align: center;\"><strong>En coche<\/strong><br \/>\n\u25cf Parking p\u00fablico con tarifa preferencial para nuestros residentes: 26 Villa Croix Nivert (600 m) \u25cf<\/p>\n<p>&nbsp;<\/p>\n<p style=\"text-align: center;\"><strong>Estaciones de SNCF con acceso directo en metro<\/strong><br \/>\n\u25cf Montparnasse en 10 minutos con la l\u00ednea 6 \u25cf Austerlitz en 18 minutos con la l\u00ednea 10 \u25cf<\/p>\n<p>[\/vc_column_text][\/vc_column][\/vc_row]<\/p>\n","protected":false},"excerpt":{"rendered":"<p>[vc_row css_animation=\u00bb\u00bb row_type=\u00bbrow\u00bb use_row_as_full_screen_section=\u00bbno\u00bb type=\u00bbfull_width\u00bb angled_section=\u00bbno\u00bb text_align=\u00bbleft\u00bb background_image_as_pattern=\u00bbwithout_pattern\u00bb css=\u00bb.vc_custom_1548227308795{margin-top: 80px !important;}\u00bb z_index=\u00bb\u00bb][vc_column][vc_raw_html]JTNDaWZyYW1lJTIwc3JjJTNEJTIyaHR0cCUzQSUyRiUyRm1hcHMuZ29vZ2xlLmZyJTJGbWFwcyUzRmYlM0RxJTI2YW1wJTNCc291cmNlJTNEc19xJTI2YW1wJTNCaGwlM0RmciUyNmFtcCUzQmdlb2NvZGUlM0QlMjZhbXAlM0JxJTNESCUyNUMzJTI1QjR0ZWwlMkJBbWlyYWwlMkJGb25kYXJ5JTJDJTJCMzAlMkMlMkJydWUlMkJmb25kYXJ5JTJCLSUyQjc1MDE1JTJCUGFyaXMlMjZhbXAlM0JhcSUzRCUyNmFtcCUzQnNsbCUzRDQ2LjIyNDc1JTJDMi4wNTE3JTI2YW1wJTNCc3NwbiUzRDI1LjY3MTY5MSUyQzU3LjA4NDk2MSUyNmFtcCUzQmllJTNEVVRGOCUyNmFtcCUzQmhxJTNESCUyNUMzJTI1QjR0ZWwlMkJBbWlyYWwlMkJGb25kYXJ5JTJDJTI2YW1wJTNCaG5lYXIlM0QzMCUyQlJ1ZSUyQkZvbmRhcnklMkMlMkI3NTAxNSUyQlBhcmlzJTJDJTJCJTI1QzMlMjU4RWxlLWRlLUZyYW5jZSUyNmFtcCUzQnQlM0RtJTI2YW1wJTNCbGwlM0Q0OC44NTE1MDElMkMyLjI5NDUxMiUyNmFtcCUzQnNwbiUzRDAuMDEyNzA3JTJDMC4wMjY1NjUlMjZhbXAlM0J6JTNEMTUlMjZhbXAlM0Jpd2xvYyUzREElMjZhbXAlM0JvdXRwdXQlM0RlbWJlZCUyMiUyMHdpZHRoJTNEJTIyMTAwJTI1JTIyJTIwaGVpZ2h0JTNEJTIyNDUwJTIyJTIwZnJhbWVib3JkZXIlM0QlMjIwJTIyJTIwbWFyZ2lud2lkdGglM0QlMjIwJTIyJTIwbWFyZ2luaGVpZ2h0JTNEJTIyMCUyMiUyMHNjcm9sbGluZyUzRCUyMm5vJTIyJTNFJTNDJTJGaWZyYW1lJTNF[\/vc_raw_html][\/vc_column][\/vc_row][vc_row css_animation=\u00bb\u00bb row_type=\u00bbrow\u00bb use_row_as_full_screen_section=\u00bbno\u00bb type=\u00bbgrid\u00bb angled_section=\u00bbno\u00bb text_align=\u00bbleft\u00bb background_image_as_pattern=\u00bbwithout_pattern\u00bb z_index=\u00bb\u00bb css=\u00bb.vc_custom_1548224333758{margin-top: 55px !important;}\u00bb][vc_column css_animation=\u00bbslideInLeft\u00bb][vc_column_text] Una ubicaci\u00f3n perfecta para visitar Par\u00eds! La cultura, el ocio, las tiendas y negocios est\u00e1n a tan s\u00f3lo dos pasos. &nbsp;&#8230;<\/p>\n","protected":false},"author":1,"featured_media":0,"parent":0,"menu_order":0,"comment_status":"closed","ping_status":"closed","template":"full_width.php","meta":[],"yoast_head":"<!-- This site is optimized with the Yoast SEO plugin v19.9 - https:\/\/yoast.com\/wordpress\/plugins\/seo\/ -->\n<title>El Hotel Amiral Fondary, una ubicaci\u00f3n perfecta para visitar Par\u00eds!<\/title>\n<meta name=\"description\" content=\"Situado en el distrito XV de Par\u00eds y s\u00f3lo a 10 minutos andando de la Torre Eiffel, el Hotel Amiral Fondary goza de una ubicaci\u00f3n privilegiada en el coraz\u00f3n de la margen izquierda del Sena.\" \/>\n<meta name=\"robots\" content=\"index, follow, max-snippet:-1, max-image-preview:large, max-video-preview:-1\" \/>\n<link rel=\"canonical\" href=\"https:\/\/www.hotelamiralfondary.com\/es\/ubicacion-hotel-amiral-fondary-paris\/\" \/>\n<meta property=\"og:locale\" content=\"es_ES\" \/>\n<meta property=\"og:type\" content=\"article\" \/>\n<meta property=\"og:title\" content=\"El Hotel Amiral Fondary, una ubicaci\u00f3n perfecta para visitar Par\u00eds!\" \/>\n<meta property=\"og:description\" content=\"Situado en el distrito XV de Par\u00eds y s\u00f3lo a 10 minutos andando de la Torre Eiffel, el Hotel Amiral Fondary goza de una ubicaci\u00f3n privilegiada en el coraz\u00f3n de la margen izquierda del Sena.\" \/>\n<meta property=\"og:url\" content=\"https:\/\/www.hotelamiralfondary.com\/es\/ubicacion-hotel-amiral-fondary-paris\/\" \/>\n<meta property=\"og:site_name\" content=\"H\u00f4tel Amiral Fondary\" \/>\n<meta property=\"article:modified_time\" content=\"2022-10-31T16:57:32+00:00\" \/>\n<meta name=\"twitter:card\" content=\"summary_large_image\" \/>\n<meta name=\"twitter:label1\" content=\"Tiempo de lectura\" \/>\n\t<meta name=\"twitter:data1\" content=\"7 minutos\" \/>\n<script type=\"application\/ld+json\" class=\"yoast-schema-graph\">{\"@context\":\"https:\/\/schema.org\",\"@graph\":[{\"@type\":\"WebPage\",\"@id\":\"https:\/\/www.hotelamiralfondary.com\/es\/ubicacion-hotel-amiral-fondary-paris\/\",\"url\":\"https:\/\/www.hotelamiralfondary.com\/es\/ubicacion-hotel-amiral-fondary-paris\/\",\"name\":\"El Hotel Amiral Fondary, una ubicaci\u00f3n perfecta para visitar Par\u00eds!\",\"isPartOf\":{\"@id\":\"https:\/\/www.hotelamiralfondary.com\/#website\"},\"datePublished\":\"2019-01-23T07:08:41+00:00\",\"dateModified\":\"2022-10-31T16:57:32+00:00\",\"description\":\"Situado en el distrito XV de Par\u00eds y s\u00f3lo a 10 minutos andando de la Torre Eiffel, el Hotel Amiral Fondary goza de una ubicaci\u00f3n privilegiada en el coraz\u00f3n de la margen izquierda del Sena.\",\"breadcrumb\":{\"@id\":\"https:\/\/www.hotelamiralfondary.com\/es\/ubicacion-hotel-amiral-fondary-paris\/#breadcrumb\"},\"inLanguage\":\"es\",\"potentialAction\":[{\"@type\":\"ReadAction\",\"target\":[\"https:\/\/www.hotelamiralfondary.com\/es\/ubicacion-hotel-amiral-fondary-paris\/\"]}]},{\"@type\":\"BreadcrumbList\",\"@id\":\"https:\/\/www.hotelamiralfondary.com\/es\/ubicacion-hotel-amiral-fondary-paris\/#breadcrumb\",\"itemListElement\":[{\"@type\":\"ListItem\",\"position\":1,\"name\":\"Accueil\",\"item\":\"https:\/\/www.hotelamiralfondary.com\/es\/\"},{\"@type\":\"ListItem\",\"position\":2,\"name\":\"Ubicacion\"}]},{\"@type\":\"WebSite\",\"@id\":\"https:\/\/www.hotelamiralfondary.com\/#website\",\"url\":\"https:\/\/www.hotelamiralfondary.com\/\",\"name\":\"H\u00f4tel Amiral Fondary\",\"description\":\"H\u00f4tel 3 \u00e9toiles \u00e0 5 minutes de la Tour Eiffel\",\"publisher\":{\"@id\":\"https:\/\/www.hotelamiralfondary.com\/#organization\"},\"potentialAction\":[{\"@type\":\"SearchAction\",\"target\":{\"@type\":\"EntryPoint\",\"urlTemplate\":\"https:\/\/www.hotelamiralfondary.com\/?s={search_term_string}\"},\"query-input\":\"required name=search_term_string\"}],\"inLanguage\":\"es\"},{\"@type\":\"Organization\",\"@id\":\"https:\/\/www.hotelamiralfondary.com\/#organization\",\"name\":\"H\u00f4tel Amiral Fondary\",\"url\":\"https:\/\/www.hotelamiralfondary.com\/\",\"logo\":{\"@type\":\"ImageObject\",\"inLanguage\":\"es\",\"@id\":\"https:\/\/www.hotelamiralfondary.com\/#\/schema\/logo\/image\/\",\"url\":\"https:\/\/www.hotelamiralfondary.com\/wp-content\/uploads\/2019\/02\/logo-hotel-amiral-fondary-paris-15.png\",\"contentUrl\":\"https:\/\/www.hotelamiralfondary.com\/wp-content\/uploads\/2019\/02\/logo-hotel-amiral-fondary-paris-15.png\",\"width\":190,\"height\":70,\"caption\":\"H\u00f4tel Amiral Fondary\"},\"image\":{\"@id\":\"https:\/\/www.hotelamiralfondary.com\/#\/schema\/logo\/image\/\"},\"sameAs\":[\"https:\/\/www.instagram.com\/hotelamiralfondaryparis\/?hl=fr\"]}]}<\/script>\n<!-- \/ Yoast SEO plugin. -->","yoast_head_json":{"title":"El Hotel Amiral Fondary, una ubicaci\u00f3n perfecta para visitar Par\u00eds!","description":"Situado en el distrito XV de Par\u00eds y s\u00f3lo a 10 minutos andando de la Torre Eiffel, el Hotel Amiral Fondary goza de una ubicaci\u00f3n privilegiada en el coraz\u00f3n de la margen izquierda del Sena.","robots":{"index":"index","follow":"follow","max-snippet":"max-snippet:-1","max-image-preview":"max-image-preview:large","max-video-preview":"max-video-preview:-1"},"canonical":"https:\/\/www.hotelamiralfondary.com\/es\/ubicacion-hotel-amiral-fondary-paris\/","og_locale":"es_ES","og_type":"article","og_title":"El Hotel Amiral Fondary, una ubicaci\u00f3n perfecta para visitar Par\u00eds!","og_description":"Situado en el distrito XV de Par\u00eds y s\u00f3lo a 10 minutos andando de la Torre Eiffel, el Hotel Amiral Fondary goza de una ubicaci\u00f3n privilegiada en el coraz\u00f3n de la margen izquierda del Sena.","og_url":"https:\/\/www.hotelamiralfondary.com\/es\/ubicacion-hotel-amiral-fondary-paris\/","og_site_name":"H\u00f4tel Amiral Fondary","article_modified_time":"2022-10-31T16:57:32+00:00","twitter_card":"summary_large_image","twitter_misc":{"Tiempo de lectura":"7 minutos"},"schema":{"@context":"https:\/\/schema.org","@graph":[{"@type":"WebPage","@id":"https:\/\/www.hotelamiralfondary.com\/es\/ubicacion-hotel-amiral-fondary-paris\/","url":"https:\/\/www.hotelamiralfondary.com\/es\/ubicacion-hotel-amiral-fondary-paris\/","name":"El Hotel Amiral Fondary, una ubicaci\u00f3n perfecta para visitar Par\u00eds!","isPartOf":{"@id":"https:\/\/www.hotelamiralfondary.com\/#website"},"datePublished":"2019-01-23T07:08:41+00:00","dateModified":"2022-10-31T16:57:32+00:00","description":"Situado en el distrito XV de Par\u00eds y s\u00f3lo a 10 minutos andando de la Torre Eiffel, el Hotel Amiral Fondary goza de una ubicaci\u00f3n privilegiada en el coraz\u00f3n de la margen izquierda del Sena.","breadcrumb":{"@id":"https:\/\/www.hotelamiralfondary.com\/es\/ubicacion-hotel-amiral-fondary-paris\/#breadcrumb"},"inLanguage":"es","potentialAction":[{"@type":"ReadAction","target":["https:\/\/www.hotelamiralfondary.com\/es\/ubicacion-hotel-amiral-fondary-paris\/"]}]},{"@type":"BreadcrumbList","@id":"https:\/\/www.hotelamiralfondary.com\/es\/ubicacion-hotel-amiral-fondary-paris\/#breadcrumb","itemListElement":[{"@type":"ListItem","position":1,"name":"Accueil","item":"https:\/\/www.hotelamiralfondary.com\/es\/"},{"@type":"ListItem","position":2,"name":"Ubicacion"}]},{"@type":"WebSite","@id":"https:\/\/www.hotelamiralfondary.com\/#website","url":"https:\/\/www.hotelamiralfondary.com\/","name":"H\u00f4tel Amiral Fondary","description":"H\u00f4tel 3 \u00e9toiles \u00e0 5 minutes de la Tour Eiffel","publisher":{"@id":"https:\/\/www.hotelamiralfondary.com\/#organization"},"potentialAction":[{"@type":"SearchAction","target":{"@type":"EntryPoint","urlTemplate":"https:\/\/www.hotelamiralfondary.com\/?s={search_term_string}"},"query-input":"required name=search_term_string"}],"inLanguage":"es"},{"@type":"Organization","@id":"https:\/\/www.hotelamiralfondary.com\/#organization","name":"H\u00f4tel Amiral Fondary","url":"https:\/\/www.hotelamiralfondary.com\/","logo":{"@type":"ImageObject","inLanguage":"es","@id":"https:\/\/www.hotelamiralfondary.com\/#\/schema\/logo\/image\/","url":"https:\/\/www.hotelamiralfondary.com\/wp-content\/uploads\/2019\/02\/logo-hotel-amiral-fondary-paris-15.png","contentUrl":"https:\/\/www.hotelamiralfondary.com\/wp-content\/uploads\/2019\/02\/logo-hotel-amiral-fondary-paris-15.png","width":190,"height":70,"caption":"H\u00f4tel Amiral Fondary"},"image":{"@id":"https:\/\/www.hotelamiralfondary.com\/#\/schema\/logo\/image\/"},"sameAs":["https:\/\/www.instagram.com\/hotelamiralfondaryparis\/?hl=fr"]}]}},"_links":{"self":[{"href":"https:\/\/www.hotelamiralfondary.com\/es\/wp-json\/wp\/v2\/pages\/16394"}],"collection":[{"href":"https:\/\/www.hotelamiralfondary.com\/es\/wp-json\/wp\/v2\/pages"}],"about":[{"href":"https:\/\/www.hotelamiralfondary.com\/es\/wp-json\/wp\/v2\/types\/page"}],"author":[{"embeddable":true,"href":"https:\/\/www.hotelamiralfondary.com\/es\/wp-json\/wp\/v2\/users\/1"}],"replies":[{"embeddable":true,"href":"https:\/\/www.hotelamiralfondary.com\/es\/wp-json\/wp\/v2\/comments?post=16394"}],"version-history":[{"count":4,"href":"https:\/\/www.hotelamiralfondary.com\/es\/wp-json\/wp\/v2\/pages\/16394\/revisions"}],"predecessor-version":[{"id":16412,"href":"https:\/\/www.hotelamiralfondary.com\/es\/wp-json\/wp\/v2\/pages\/16394\/revisions\/16412"}],"wp:attachment":[{"href":"https:\/\/www.hotelamiralfondary.com\/es\/wp-json\/wp\/v2\/media?parent=16394"}],"curies":[{"name":"wp","href":"https:\/\/api.w.org\/{rel}","templated":true}]}}