{"id":16391,"date":"2019-01-23T08:51:17","date_gmt":"2019-01-23T07:51:17","guid":{"rendered":"https:\/\/www.hotelamiralfondary.com\/chambres-hotel-amiral-fondary-paris\/"},"modified":"2023-08-01T15:58:46","modified_gmt":"2023-08-01T13:58:46","slug":"habitaciones-hotel-amiral-fondary-paris","status":"publish","type":"page","link":"https:\/\/www.hotelamiralfondary.com\/es\/habitaciones-hotel-amiral-fondary-paris\/","title":{"rendered":"Chambres"},"content":{"rendered":"<p>[vc_row css_animation=\u00bb\u00bb row_type=\u00bbrow\u00bb use_row_as_full_screen_section=\u00bbno\u00bb type=\u00bbgrid\u00bb angled_section=\u00bbno\u00bb text_align=\u00bbleft\u00bb background_image_as_pattern=\u00bbwithout_pattern\u00bb css=\u00bb.vc_custom_1549436138902{margin-top: 80px !important;padding-top: 150px !important;padding-bottom: 150px !important;background-image: url(http:\/\/www.hotelamiralfondary.com\/wp-content\/uploads\/2019\/01\/bg-room.jpg?id=15694) !important;}\u00bb z_index=\u00bb\u00bb][vc_column][vc_raw_html]JTNDZGl2JTIwY2xhc3MlM0QlMjJ0aXRyZSUyMiUyMHN0eWxlJTNEJTIydGV4dC1hbGlnbiUzQWNlbnRlciUyMiUzRSUzQ2gyJTNFJTNDc3BhbiUyMHN0eWxlJTNEJTIyY29sb3IlM0ElMjNmZmYlM0IlMjB0ZXh0LXNoYWRvdyUzQSUyMDAlMjA4cHglMjAzMnB4JTIwJTIzMjAyMDIwJTNCJTIyJTNFTlVFU1RSQVMlMjBIQUJJVEFDSU9ORVMlM0MlMkZzcGFuJTNFJTNDJTJGaDIlM0UlM0MlMkZkaXYlM0U=[\/vc_raw_html][\/vc_column][\/vc_row][vc_row css_animation=\u00bb\u00bb row_type=\u00bbrow\u00bb use_row_as_full_screen_section=\u00bbno\u00bb type=\u00bbgrid\u00bb angled_section=\u00bbno\u00bb text_align=\u00bbleft\u00bb background_image_as_pattern=\u00bbwithout_pattern\u00bb z_index=\u00bb\u00bb css=\u00bb.vc_custom_1548224333758{margin-top: 55px !important;}\u00bb][vc_column css_animation=\u00bbslideInLeft\u00bb][vc_single_image image=\u00bb15539&#8243; img_size=\u00bbfull\u00bb alignment=\u00bbcenter\u00bb qode_css_animation=\u00bb\u00bb][vc_empty_space height=\u00bb19px\u00bb][vc_column_text]Las habitaciones del Hotel Amiral Fondary est\u00e1n equipadas con un <strong>cuarto de ba\u00f1o privado<\/strong>, <strong>secador<\/strong>,\u00a0<strong>aire acondicionado<\/strong>, <strong>televisi\u00f3n de pantalla plana<\/strong> as\u00ed como con una <strong>conexi\u00f3n WIFI gratu\u00edta<\/strong>. Algunas de nuestras habitaciones dan al patio florido del hotel, donde pueden ir a relajarse.<\/p>\n<p>En el hotel, un <strong>ascensor<\/strong> est\u00e1 a vuestra disposici\u00f3n.<\/p>\n<p>Una habitacion para personas con mobilidad reducida est\u00e1 disponible bajo petici\u00f3n. P\u00f3ngase en contacto con nosotros directamente.<\/p>\n<p>&nbsp;<\/p>\n<p><strong>INSTALACIONES Y SERVICIOS EN LA HABITACION<\/strong><\/p>\n<p>Televisi\u00f3n de pantalla plana | tel\u00e9fono | secador de pelo | servicio de despertador | pupitre | aseos, cuarto de ba\u00f1o privado | calefacci\u00f3n\/aire acondicionado | cadenas de canal | ducha | tetera el\u00e9ctrica, | armario o guardarropa | toallas | ascensor en todos los pisos.[\/vc_column_text][\/vc_column][\/vc_row][vc_row css_animation=\u00bb\u00bb row_type=\u00bbrow\u00bb use_row_as_full_screen_section=\u00bbno\u00bb type=\u00bbfull_width\u00bb angled_section=\u00bbno\u00bb text_align=\u00bbleft\u00bb background_image_as_pattern=\u00bbwithout_pattern\u00bb css=\u00bb.vc_custom_1548231505048{margin-top: 20px !important;}\u00bb z_index=\u00bb\u00bb][vc_column][vc_separator type=\u00bbnormal\u00bb color=\u00bb#baa878&#8243;][\/vc_column][\/vc_row][vc_row css_animation=\u00bb\u00bb row_type=\u00bbrow\u00bb use_row_as_full_screen_section=\u00bbno\u00bb type=\u00bbfull_width\u00bb angled_section=\u00bbno\u00bb text_align=\u00bbleft\u00bb background_image_as_pattern=\u00bbwithout_pattern\u00bb z_index=\u00bb\u00bb css=\u00bb.vc_custom_1548231222698{margin-top: 55px !important;}\u00bb][vc_column css_animation=\u00bbslideInLeft\u00bb width=\u00bb1\/2&#8243; css=\u00bb.vc_custom_1548233416138{padding-top: 20px !important;padding-right: 20px !important;padding-bottom: 20px !important;padding-left: 40px !important;}\u00bb][vc_raw_html]JTNDZGl2JTIwY2xhc3MlM0QlMjJ0aXRyZSUyMiUzRSUzQ2gyJTNFJTNDc3BhbiUzRUxBUyUyMEhBQklUQUNJT05FUyUyMENMQVNJQ0FTJTNDJTJGc3BhbiUzRSUzQyUyRmgyJTNFJTNDJTJGZGl2JTNF[\/vc_raw_html][vc_empty_space height=\u00bb19px\u00bb][vc_column_text]2 personas \u2013 1 cama doble 160 x 200<\/p>\n<p>Las habitaciones cl\u00e1sicas del Amiral Fondary est\u00e1n equipadas con un <strong>cuarto de ba\u00f1o privado<\/strong>, <strong>aire acondicionado<\/strong>, <strong>televisi\u00f3n de pantalla plana<\/strong> as\u00ed como con una <strong>conexi\u00f3n WIFI gratu\u00edta<\/strong>. Estas habitaciones dan al <strong>patio florido<\/strong> del hotel, donde pueden ir a relajarse.[\/vc_column_text][vc_empty_space height=\u00bb19px\u00bb][vc_column_text]<a  itemprop=\"url\" href=\"https:\/\/www.secure-direct-hotel-booking.com\/module_booking_engine\/index.php?id_etab=85e0477f10bf2c57b525435210807820&amp;langue=espagnol\" target=\"_blank\"  class=\"qbutton  center default\" style=\"\">RESERVAR<i class=\"qode_icon_font_awesome fa fa-calendar qode_button_icon_element\" style=\"\" ><\/i><\/a>[\/vc_column_text][\/vc_column][vc_column css_animation=\u00bbslideInRight\u00bb width=\u00bb1\/2&#8243;][vc_gallery interval=\u00bb5&#8243; images=\u00bb15665,15667,15669&#8243; img_size=\u00bbfull\u00bb][\/vc_column][\/vc_row][vc_row css_animation=\u00bb\u00bb row_type=\u00bbrow\u00bb use_row_as_full_screen_section=\u00bbno\u00bb type=\u00bbfull_width\u00bb angled_section=\u00bbno\u00bb text_align=\u00bbleft\u00bb background_image_as_pattern=\u00bbwithout_pattern\u00bb css=\u00bb.vc_custom_1548231505048{margin-top: 20px !important;}\u00bb z_index=\u00bb\u00bb][vc_column][vc_separator type=\u00bbnormal\u00bb color=\u00bb#baa878&#8243;][\/vc_column][\/vc_row][vc_row css_animation=\u00bb\u00bb row_type=\u00bbrow\u00bb use_row_as_full_screen_section=\u00bbno\u00bb type=\u00bbfull_width\u00bb angled_section=\u00bbno\u00bb text_align=\u00bbleft\u00bb background_image_as_pattern=\u00bbwithout_pattern\u00bb z_index=\u00bb\u00bb css=\u00bb.vc_custom_1548231222698{margin-top: 55px !important;}\u00bb][vc_column css_animation=\u00bbslideInLeft\u00bb width=\u00bb1\/2&#8243; css=\u00bb.vc_custom_1548233437126{padding-top: 20px !important;padding-right: 20px !important;padding-bottom: 20px !important;padding-left: 40px !important;}\u00bb][vc_gallery interval=\u00bb5&#8243; images=\u00bb15671,15673,15675,15677,15679,15681,15683&#8243; img_size=\u00bbfull\u00bb][\/vc_column][vc_column css_animation=\u00bbslideInRight\u00bb width=\u00bb1\/2&#8243;][vc_raw_html]JTNDZGl2JTIwY2xhc3MlM0QlMjJ0aXRyZSUyMiUzRSUzQ2gyJTNFJTNDc3BhbiUzRUxBUyUyMEhBQklUQUNJT05FUyUyMFNVUEVSSU9SRVMlM0MlMkZzcGFuJTNFJTNDJTJGaDIlM0UlM0MlMkZkaXYlM0U=[\/vc_raw_html][vc_empty_space height=\u00bb19px\u00bb][vc_column_text]2 personas \u2013 1 cama doble 166 x 200<\/p>\n<p>Las habitaciones superiores del Amiral Fondary est\u00e1n equipadas con un <strong>cuarto de ba\u00f1o privado<\/strong>, <strong>aire acondicionado<\/strong>, <strong>televisi\u00f3n de pantalla plana<\/strong>, una caja fuerte as\u00ed como con una <strong>conexi\u00f3n WIFI gratu\u00edta<\/strong>.[\/vc_column_text][vc_empty_space height=\u00bb19px\u00bb][vc_column_text]<a  itemprop=\"url\" href=\"https:\/\/www.secure-direct-hotel-booking.com\/module_booking_engine\/index.php?id_etab=85e0477f10bf2c57b525435210807820&amp;langue=espagnol\" target=\"_blank\"  class=\"qbutton  center default\" style=\"\">RESERVAR<i class=\"qode_icon_font_awesome fa fa-calendar qode_button_icon_element\" style=\"\" ><\/i><\/a>[\/vc_column_text][\/vc_column][\/vc_row][vc_row css_animation=\u00bb\u00bb row_type=\u00bbrow\u00bb use_row_as_full_screen_section=\u00bbno\u00bb type=\u00bbfull_width\u00bb angled_section=\u00bbno\u00bb text_align=\u00bbleft\u00bb background_image_as_pattern=\u00bbwithout_pattern\u00bb css=\u00bb.vc_custom_1548231505048{margin-top: 20px !important;}\u00bb z_index=\u00bb\u00bb][vc_column][vc_separator type=\u00bbnormal\u00bb color=\u00bb#baa878&#8243;][\/vc_column][\/vc_row][vc_row css_animation=\u00bb\u00bb row_type=\u00bbrow\u00bb use_row_as_full_screen_section=\u00bbno\u00bb type=\u00bbfull_width\u00bb angled_section=\u00bbno\u00bb text_align=\u00bbleft\u00bb background_image_as_pattern=\u00bbwithout_pattern\u00bb z_index=\u00bb\u00bb css=\u00bb.vc_custom_1548231222698{margin-top: 55px !important;}\u00bb][vc_column css_animation=\u00bbslideInLeft\u00bb width=\u00bb1\/2&#8243; css=\u00bb.vc_custom_1548233445483{padding-top: 20px !important;padding-right: 20px !important;padding-bottom: 20px !important;padding-left: 40px !important;}\u00bb][vc_raw_html]JTNDZGl2JTIwY2xhc3MlM0QlMjJ0aXRyZSUyMiUzRSUzQ2gyJTNFJTNDc3BhbiUzRUxBUyUyMEhBQklUQUNJT05FUyUyMFRXSU4lM0MlMkZzcGFuJTNFJTNDJTJGaDIlM0UlM0MlMkZkaXYlM0U=[\/vc_raw_html][vc_empty_space height=\u00bb19px\u00bb][vc_column_text]2 personas \u2013 2 camas individuales 90 x 190<\/p>\n<p>Las habitaciones twin del Amiral Fondary est\u00e1n equipadas con un <strong>cuarto de ba\u00f1o privado<\/strong>, <strong>aire acondicionado<\/strong>, <strong>televisi\u00f3n de pantalla plana,<\/strong> una caja fuerte as\u00ed como con una <strong>conexi\u00f3n WIFI gratu\u00edta<\/strong>.[\/vc_column_text][vc_empty_space height=\u00bb19px\u00bb][vc_column_text]<a  itemprop=\"url\" href=\"https:\/\/www.secure-direct-hotel-booking.com\/module_booking_engine\/index.php?id_etab=85e0477f10bf2c57b525435210807820&amp;langue=espagnol\" target=\"_blank\"  class=\"qbutton  center default\" style=\"\">RESERVAR<i class=\"qode_icon_font_awesome fa fa-calendar qode_button_icon_element\" style=\"\" ><\/i><\/a>[\/vc_column_text][\/vc_column][vc_column css_animation=\u00bbslideInRight\u00bb width=\u00bb1\/2&#8243;][vc_gallery interval=\u00bb5&#8243; images=\u00bb15685,15687,15689,15691&#8243; img_size=\u00bbfull\u00bb][\/vc_column][\/vc_row][vc_row css_animation=\u00bb\u00bb row_type=\u00bbrow\u00bb use_row_as_full_screen_section=\u00bbno\u00bb type=\u00bbfull_width\u00bb angled_section=\u00bbno\u00bb text_align=\u00bbleft\u00bb background_image_as_pattern=\u00bbwithout_pattern\u00bb css=\u00bb.vc_custom_1549435837761{margin-top: 55px !important;padding-top: 200px !important;padding-bottom: 200px !important;background-image: url(http:\/\/www.hotelamiralfondary.com\/wp-content\/uploads\/2019\/01\/paris-beaugrenelle.jpg?id=15572) !important;}\u00bb z_index=\u00bb\u00bb][vc_column][\/vc_column][\/vc_row]<\/p>\n","protected":false},"excerpt":{"rendered":"<p>[vc_row css_animation=\u00bb\u00bb row_type=\u00bbrow\u00bb use_row_as_full_screen_section=\u00bbno\u00bb type=\u00bbgrid\u00bb angled_section=\u00bbno\u00bb text_align=\u00bbleft\u00bb background_image_as_pattern=\u00bbwithout_pattern\u00bb css=\u00bb.vc_custom_1549436138902{margin-top: 80px !important;padding-top: 150px !important;padding-bottom: 150px !important;background-image: url(http:\/\/www.hotelamiralfondary.com\/wp-content\/uploads\/2019\/01\/bg-room.jpg?id=15694) !important;}\u00bb z_index=\u00bb\u00bb][vc_column][vc_raw_html]JTNDZGl2JTIwY2xhc3MlM0QlMjJ0aXRyZSUyMiUyMHN0eWxlJTNEJTIydGV4dC1hbGlnbiUzQWNlbnRlciUyMiUzRSUzQ2gyJTNFJTNDc3BhbiUyMHN0eWxlJTNEJTIyY29sb3IlM0ElMjNmZmYlM0IlMjB0ZXh0LXNoYWRvdyUzQSUyMDAlMjA4cHglMjAzMnB4JTIwJTIzMjAyMDIwJTNCJTIyJTNFTlVFU1RSQVMlMjBIQUJJVEFDSU9ORVMlM0MlMkZzcGFuJTNFJTNDJTJGaDIlM0UlM0MlMkZkaXYlM0U=[\/vc_raw_html][\/vc_column][\/vc_row][vc_row css_animation=\u00bb\u00bb row_type=\u00bbrow\u00bb use_row_as_full_screen_section=\u00bbno\u00bb type=\u00bbgrid\u00bb angled_section=\u00bbno\u00bb text_align=\u00bbleft\u00bb background_image_as_pattern=\u00bbwithout_pattern\u00bb z_index=\u00bb\u00bb css=\u00bb.vc_custom_1548224333758{margin-top: 55px !important;}\u00bb][vc_column css_animation=\u00bbslideInLeft\u00bb][vc_single_image image=\u00bb15539&#8243; img_size=\u00bbfull\u00bb alignment=\u00bbcenter\u00bb qode_css_animation=\u00bb\u00bb][vc_empty_space height=\u00bb19px\u00bb][vc_column_text]Las habitaciones del Hotel Amiral Fondary est\u00e1n equipadas con un cuarto&#8230;<\/p>\n","protected":false},"author":1,"featured_media":0,"parent":0,"menu_order":0,"comment_status":"closed","ping_status":"closed","template":"full_width.php","meta":[],"yoast_head":"<!-- This site is optimized with the Yoast SEO plugin v19.9 - https:\/\/yoast.com\/wordpress\/plugins\/seo\/ -->\n<title>Les chambres de l&#039;h\u00f4tel Amiral Fondary Paris 15 - Tour Eiffel<\/title>\n<meta name=\"description\" content=\"Les chambres de l\u2019H\u00f4tel Amiral Fondary sont \u00e9quip\u00e9es d\u2019une salle de bain privative, climatisation, t\u00e9l\u00e9vision \u00e0 \u00e9cran plat, connexion wifi gratuite.\" \/>\n<meta name=\"robots\" content=\"index, follow, max-snippet:-1, max-image-preview:large, max-video-preview:-1\" \/>\n<link rel=\"canonical\" href=\"https:\/\/www.hotelamiralfondary.com\/es\/habitaciones-hotel-amiral-fondary-paris\/\" \/>\n<meta property=\"og:locale\" content=\"es_ES\" \/>\n<meta property=\"og:type\" content=\"article\" \/>\n<meta property=\"og:title\" content=\"Les chambres de l&#039;h\u00f4tel Amiral Fondary Paris 15 - Tour Eiffel\" \/>\n<meta property=\"og:description\" content=\"Les chambres de l\u2019H\u00f4tel Amiral Fondary sont \u00e9quip\u00e9es d\u2019une salle de bain privative, climatisation, t\u00e9l\u00e9vision \u00e0 \u00e9cran plat, connexion wifi gratuite.\" \/>\n<meta property=\"og:url\" content=\"https:\/\/www.hotelamiralfondary.com\/es\/habitaciones-hotel-amiral-fondary-paris\/\" \/>\n<meta property=\"og:site_name\" content=\"H\u00f4tel Amiral Fondary\" \/>\n<meta property=\"article:modified_time\" content=\"2023-08-01T13:58:46+00:00\" \/>\n<meta name=\"twitter:card\" content=\"summary_large_image\" \/>\n<meta name=\"twitter:label1\" content=\"Tiempo de lectura\" \/>\n\t<meta name=\"twitter:data1\" content=\"3 minutos\" \/>\n<script type=\"application\/ld+json\" class=\"yoast-schema-graph\">{\"@context\":\"https:\/\/schema.org\",\"@graph\":[{\"@type\":\"WebPage\",\"@id\":\"https:\/\/www.hotelamiralfondary.com\/es\/habitaciones-hotel-amiral-fondary-paris\/\",\"url\":\"https:\/\/www.hotelamiralfondary.com\/es\/habitaciones-hotel-amiral-fondary-paris\/\",\"name\":\"Les chambres de l'h\u00f4tel Amiral Fondary Paris 15 - Tour Eiffel\",\"isPartOf\":{\"@id\":\"https:\/\/www.hotelamiralfondary.com\/#website\"},\"datePublished\":\"2019-01-23T07:51:17+00:00\",\"dateModified\":\"2023-08-01T13:58:46+00:00\",\"description\":\"Les chambres de l\u2019H\u00f4tel Amiral Fondary sont \u00e9quip\u00e9es d\u2019une salle de bain privative, climatisation, t\u00e9l\u00e9vision \u00e0 \u00e9cran plat, connexion wifi gratuite.\",\"breadcrumb\":{\"@id\":\"https:\/\/www.hotelamiralfondary.com\/es\/habitaciones-hotel-amiral-fondary-paris\/#breadcrumb\"},\"inLanguage\":\"es\",\"potentialAction\":[{\"@type\":\"ReadAction\",\"target\":[\"https:\/\/www.hotelamiralfondary.com\/es\/habitaciones-hotel-amiral-fondary-paris\/\"]}]},{\"@type\":\"BreadcrumbList\",\"@id\":\"https:\/\/www.hotelamiralfondary.com\/es\/habitaciones-hotel-amiral-fondary-paris\/#breadcrumb\",\"itemListElement\":[{\"@type\":\"ListItem\",\"position\":1,\"name\":\"Accueil\",\"item\":\"https:\/\/www.hotelamiralfondary.com\/es\/\"},{\"@type\":\"ListItem\",\"position\":2,\"name\":\"Chambres\"}]},{\"@type\":\"WebSite\",\"@id\":\"https:\/\/www.hotelamiralfondary.com\/#website\",\"url\":\"https:\/\/www.hotelamiralfondary.com\/\",\"name\":\"H\u00f4tel Amiral Fondary\",\"description\":\"H\u00f4tel 3 \u00e9toiles \u00e0 5 minutes de la Tour Eiffel\",\"publisher\":{\"@id\":\"https:\/\/www.hotelamiralfondary.com\/#organization\"},\"potentialAction\":[{\"@type\":\"SearchAction\",\"target\":{\"@type\":\"EntryPoint\",\"urlTemplate\":\"https:\/\/www.hotelamiralfondary.com\/?s={search_term_string}\"},\"query-input\":\"required name=search_term_string\"}],\"inLanguage\":\"es\"},{\"@type\":\"Organization\",\"@id\":\"https:\/\/www.hotelamiralfondary.com\/#organization\",\"name\":\"H\u00f4tel Amiral Fondary\",\"url\":\"https:\/\/www.hotelamiralfondary.com\/\",\"logo\":{\"@type\":\"ImageObject\",\"inLanguage\":\"es\",\"@id\":\"https:\/\/www.hotelamiralfondary.com\/#\/schema\/logo\/image\/\",\"url\":\"https:\/\/www.hotelamiralfondary.com\/wp-content\/uploads\/2019\/02\/logo-hotel-amiral-fondary-paris-15.png\",\"contentUrl\":\"https:\/\/www.hotelamiralfondary.com\/wp-content\/uploads\/2019\/02\/logo-hotel-amiral-fondary-paris-15.png\",\"width\":190,\"height\":70,\"caption\":\"H\u00f4tel Amiral Fondary\"},\"image\":{\"@id\":\"https:\/\/www.hotelamiralfondary.com\/#\/schema\/logo\/image\/\"},\"sameAs\":[\"https:\/\/www.instagram.com\/hotelamiralfondaryparis\/?hl=fr\"]}]}<\/script>\n<!-- \/ Yoast SEO plugin. -->","yoast_head_json":{"title":"Les chambres de l'h\u00f4tel Amiral Fondary Paris 15 - Tour Eiffel","description":"Les chambres de l\u2019H\u00f4tel Amiral Fondary sont \u00e9quip\u00e9es d\u2019une salle de bain privative, climatisation, t\u00e9l\u00e9vision \u00e0 \u00e9cran plat, connexion wifi gratuite.","robots":{"index":"index","follow":"follow","max-snippet":"max-snippet:-1","max-image-preview":"max-image-preview:large","max-video-preview":"max-video-preview:-1"},"canonical":"https:\/\/www.hotelamiralfondary.com\/es\/habitaciones-hotel-amiral-fondary-paris\/","og_locale":"es_ES","og_type":"article","og_title":"Les chambres de l'h\u00f4tel Amiral Fondary Paris 15 - Tour Eiffel","og_description":"Les chambres de l\u2019H\u00f4tel Amiral Fondary sont \u00e9quip\u00e9es d\u2019une salle de bain privative, climatisation, t\u00e9l\u00e9vision \u00e0 \u00e9cran plat, connexion wifi gratuite.","og_url":"https:\/\/www.hotelamiralfondary.com\/es\/habitaciones-hotel-amiral-fondary-paris\/","og_site_name":"H\u00f4tel Amiral Fondary","article_modified_time":"2023-08-01T13:58:46+00:00","twitter_card":"summary_large_image","twitter_misc":{"Tiempo de lectura":"3 minutos"},"schema":{"@context":"https:\/\/schema.org","@graph":[{"@type":"WebPage","@id":"https:\/\/www.hotelamiralfondary.com\/es\/habitaciones-hotel-amiral-fondary-paris\/","url":"https:\/\/www.hotelamiralfondary.com\/es\/habitaciones-hotel-amiral-fondary-paris\/","name":"Les chambres de l'h\u00f4tel Amiral Fondary Paris 15 - Tour Eiffel","isPartOf":{"@id":"https:\/\/www.hotelamiralfondary.com\/#website"},"datePublished":"2019-01-23T07:51:17+00:00","dateModified":"2023-08-01T13:58:46+00:00","description":"Les chambres de l\u2019H\u00f4tel Amiral Fondary sont \u00e9quip\u00e9es d\u2019une salle de bain privative, climatisation, t\u00e9l\u00e9vision \u00e0 \u00e9cran plat, connexion wifi gratuite.","breadcrumb":{"@id":"https:\/\/www.hotelamiralfondary.com\/es\/habitaciones-hotel-amiral-fondary-paris\/#breadcrumb"},"inLanguage":"es","potentialAction":[{"@type":"ReadAction","target":["https:\/\/www.hotelamiralfondary.com\/es\/habitaciones-hotel-amiral-fondary-paris\/"]}]},{"@type":"BreadcrumbList","@id":"https:\/\/www.hotelamiralfondary.com\/es\/habitaciones-hotel-amiral-fondary-paris\/#breadcrumb","itemListElement":[{"@type":"ListItem","position":1,"name":"Accueil","item":"https:\/\/www.hotelamiralfondary.com\/es\/"},{"@type":"ListItem","position":2,"name":"Chambres"}]},{"@type":"WebSite","@id":"https:\/\/www.hotelamiralfondary.com\/#website","url":"https:\/\/www.hotelamiralfondary.com\/","name":"H\u00f4tel Amiral Fondary","description":"H\u00f4tel 3 \u00e9toiles \u00e0 5 minutes de la Tour Eiffel","publisher":{"@id":"https:\/\/www.hotelamiralfondary.com\/#organization"},"potentialAction":[{"@type":"SearchAction","target":{"@type":"EntryPoint","urlTemplate":"https:\/\/www.hotelamiralfondary.com\/?s={search_term_string}"},"query-input":"required name=search_term_string"}],"inLanguage":"es"},{"@type":"Organization","@id":"https:\/\/www.hotelamiralfondary.com\/#organization","name":"H\u00f4tel Amiral Fondary","url":"https:\/\/www.hotelamiralfondary.com\/","logo":{"@type":"ImageObject","inLanguage":"es","@id":"https:\/\/www.hotelamiralfondary.com\/#\/schema\/logo\/image\/","url":"https:\/\/www.hotelamiralfondary.com\/wp-content\/uploads\/2019\/02\/logo-hotel-amiral-fondary-paris-15.png","contentUrl":"https:\/\/www.hotelamiralfondary.com\/wp-content\/uploads\/2019\/02\/logo-hotel-amiral-fondary-paris-15.png","width":190,"height":70,"caption":"H\u00f4tel Amiral Fondary"},"image":{"@id":"https:\/\/www.hotelamiralfondary.com\/#\/schema\/logo\/image\/"},"sameAs":["https:\/\/www.instagram.com\/hotelamiralfondaryparis\/?hl=fr"]}]}},"_links":{"self":[{"href":"https:\/\/www.hotelamiralfondary.com\/es\/wp-json\/wp\/v2\/pages\/16391"}],"collection":[{"href":"https:\/\/www.hotelamiralfondary.com\/es\/wp-json\/wp\/v2\/pages"}],"about":[{"href":"https:\/\/www.hotelamiralfondary.com\/es\/wp-json\/wp\/v2\/types\/page"}],"author":[{"embeddable":true,"href":"https:\/\/www.hotelamiralfondary.com\/es\/wp-json\/wp\/v2\/users\/1"}],"replies":[{"embeddable":true,"href":"https:\/\/www.hotelamiralfondary.com\/es\/wp-json\/wp\/v2\/comments?post=16391"}],"version-history":[{"count":4,"href":"https:\/\/www.hotelamiralfondary.com\/es\/wp-json\/wp\/v2\/pages\/16391\/revisions"}],"predecessor-version":[{"id":16433,"href":"https:\/\/www.hotelamiralfondary.com\/es\/wp-json\/wp\/v2\/pages\/16391\/revisions\/16433"}],"wp:attachment":[{"href":"https:\/\/www.hotelamiralfondary.com\/es\/wp-json\/wp\/v2\/media?parent=16391"}],"curies":[{"name":"wp","href":"https:\/\/api.w.org\/{rel}","templated":true}]}}